{"id":171063,"date":"2024-01-25T12:46:28","date_gmt":"2024-01-25T11:46:28","guid":{"rendered":"https:\/\/arlettipartners.com\/?p=171063"},"modified":"2025-11-12T09:03:53","modified_gmt":"2025-11-12T08:03:53","slug":"ap-a-madrid-per-ela-tech-conference-2024","status":"publish","type":"announcements-awwa","link":"https:\/\/arlettipartners.com\/it\/announcements-awwa\/ap-a-madrid-per-ela-tech-conference-2024\/","title":{"rendered":"Studio A&#038;P a Madrid per l&#8217;ELA Tech conference 2024"},"content":{"rendered":"\n<p>Studio Arletti &amp; Partners parteciper\u00e0 all&#8217;<a href=\"https:\/\/www.ela.europa.eu\/en\/news-event\/events\/ela-tech-conference-2nd-edition-artificial-intelligence-new-chapter-labour-market\" target=\"_blank\" rel=\"noreferrer noopener\">ELA Tech Conference<\/a> &#8220;<em>Artificial Intelligence \u2013 New Chapter for the Labour Market?<\/em>&#8221; di gioved\u00ec 1\u00b0 febbraio, a Madrid.<\/p>\n\n\n\n<p>Studio A&amp;P \u00e8 stato infatti selezionato da ELA per presentare &#8220;<em>Efficient EU Workforce Relocation through LLM-Driven Legislative Data Solutions<\/em>&#8221; il proprio paper che presenta l&#8217;integrazione dell&#8217;Intelligenza Artificiale nel <a href=\"https:\/\/arlettipartners.com\/atlasposting-gestione-trasferte-lavoratori-estero\/?lang=it\">nuovo portale Atlasposting<\/a>.<\/p>\n\n\n\n<h2 class=\"wp-block-heading\" id=\"h-ela-tech-conference-soluzioni-digitali-per-la-mobilita-dei-lavoratori\">ELA Tech Conference: soluzioni digitali per la mobilit\u00e0 dei lavoratori<\/h2>\n\n\n\n<p>La Tech Conference di Madrid fa parte del progetto di ELA &#8211; la <em>European Labour Authority<\/em> &#8211; di favorire l&#8217;integrazione dei processi di digitalizzazione nella gestione del mercato del lavoro, con l&#8217;obiettivo di aumentarne tutele ed efficienza.<\/p>\n\n\n\n<p>La conferenza si terr\u00e0 gioved\u00ec 1\u00b0 febbraio, dalle ore 09.30 alle 17.30 (CET).<\/p>\n\n\n\n<blockquote class=\"wp-block-quote is-layout-flow wp-block-quote-is-layout-flow\">\n<p><\/p>\n<cite>La presentazione delle soluzioni digitali innovative, di cui A&amp;P far\u00e0 parte, si terr\u00e0 <strong>dalle ore 14:00<\/strong>.<\/cite><\/blockquote>\n\n\n\n<h2 class=\"wp-block-heading\" id=\"h-atlasposting-di-studio-a-amp-p-per-una-gestione-completa-delle-trasferte-dei-lavoratori-all-estero\">Atlasposting di Studio A&amp;P per una gestione completa delle trasferte dei lavoratori all&#8217;estero<\/h2>\n\n\n\n<p>Frutto di 2 anni di sviluppo, Atlasposting \u00e8 il nuovo Software di Studio A&amp;P per una gestione olistica delle trasferte dei dipendenti all&#8217;estero.<\/p>\n\n\n\n<p>Atlasposting permette di gestire tutti gli aspetti delle trasferte dei lavoratori, siano esse di breve o lungo periodo. Registrandosi al portale, le aziende saranno in grado di gestire:<\/p>\n\n\n\n<ul class=\"wp-block-list\">\n<li>Immigrazione<\/li>\n\n\n\n<li>Diritto del lavoro e previdenza sociale<\/li>\n\n\n\n<li>Livello di rischio e sicurezza per i lavoratori all&#8217;estero<\/li>\n\n\n\n<li>Fiscalit\u00e0 per dipendenti e azienda<\/li>\n<\/ul>\n\n\n\n<p>Tutto in un&#8217;unica piattaforma.<\/p>\n\n\n\n<h3 class=\"wp-block-heading\" id=\"h-l-intelligenza-artificiale-per-una-gestione-rapida-ed-efficiente-delle-trasferte\">L&#8217;Intelligenza Artificiale per una gestione rapida ed efficiente delle trasferte<\/h3>\n\n\n\n<p>Premiata da ELA per la presentazione alla conferenza, l&#8217;integrazione dell&#8217;Intelligenza Artificiale in Atlasposting \u00e8 sicuramente una novit\u00e0 di grande rilievo nel Software A&amp;P \u00e8 pi\u00f9 in generale nel settore della labour mobility.<\/p>\n\n\n\n<blockquote class=\"wp-block-quote is-layout-flow wp-block-quote-is-layout-flow\">\n<p><\/p>\n<cite>Il contributo dell&#8217;IA sar\u00e0 infatti determinante nel migliorare la gestione delle trasferte, aumentandone considerevolmente rapidit\u00e0, oltre alla facilit\u00e0 di fruizione delle informazioni dalle numerose fonti normative internazionali.<\/cite><\/blockquote>\n\n\n\n<h2 class=\"wp-block-heading\" id=\"h-assisti-gratuitamente-alla-conferenza-online\">Assisti gratuitamente alla conferenza online<\/h2>\n\n\n\n<p>Puoi seguire la conferenza comodamente online, registrandoti entro le ore 12:00 (CET) di mercoled\u00ec 31 gennaio.<\/p>\n\n\n\n<h3 class=\"wp-block-heading\" id=\"h-data-e-ora-della-ela-tech-conference-2024\">Data e ora della ELA Tech Conference 2024<\/h3>\n\n\n\n<p><strong>Quando:<\/strong> Gioved\u00ec 1\u00b0 febbraio, dalle ore 9:30 alle 17:30. <em>Presentazione del paper Studio A&amp;P prevista per le ore 14:15<\/em>.<\/p>\n\n\n\n<p><strong>Dove:<\/strong> Madrid, Spagna e <strong>ONLINE al seguente link<\/strong>: <a href=\"https:\/\/ec.europa.eu\/eusurvey\/runner\/ELATechConfGP\" target=\"_blank\" rel=\"noreferrer noopener\">registrazione ELA Tech Conference<\/a><\/p>\n\n\n\n<p><strong>Maggiori info<\/strong>: Al seguente link trovi il <a href=\"https:\/\/www.ela.europa.eu\/en\/news-event\/events\/ela-tech-conference-2nd-edition-artificial-intelligence-new-chapter-labour-market\" target=\"_blank\" rel=\"noreferrer noopener\">programma completo della conferenza ELA<\/a>.<\/p>\n\n\n\n<p>Per ulteriori informazioni, siamo disponibili tramite il <a href=\"#contact\">form sottostante<\/a>.<\/p>\n\n\n\n<figure class=\"wp-block-image size-full is-resized\"><img loading=\"lazy\" decoding=\"async\" width=\"940\" height=\"788\" src=\"https:\/\/arlettipartners.com\/wp-content\/uploads\/2024\/01\/ELA-Tech-Conference.png\" alt=\"\" class=\"wp-image-171310\" style=\"width:634px;height:auto\" srcset=\"https:\/\/arlettipartners.com\/wp-content\/uploads\/2024\/01\/ELA-Tech-Conference.png 940w, https:\/\/arlettipartners.com\/wp-content\/uploads\/2024\/01\/ELA-Tech-Conference-300x251.png 300w, https:\/\/arlettipartners.com\/wp-content\/uploads\/2024\/01\/ELA-Tech-Conference-768x644.png 768w\" sizes=\"auto, (max-width: 940px) 100vw, 940px\" \/><\/figure>\n","protected":false},"excerpt":{"rendered":"<p>Studio Arletti &amp; Partners parteciper\u00e0 all&#8217;ELA Tech Conference &#8220;Artificial Intelligence \u2013 New Chapter for the Labour Market?&#8221; di gioved\u00ec 1\u00b0 febbraio, a Madrid. Studio A&amp;P \u00e8 stato infatti selezionato da [&hellip;]<\/p>\n","protected":false},"featured_media":219939,"template":"","meta":{"_acf_changed":false,"footnotes":""},"categories":[27],"tags":[6369],"country":[1503],"service":[],"class_list":["post-171063","announcements-awwa","type-announcements-awwa","status-publish","has-post-thumbnail","hentry","category-uncategorized","tag-aaa-achievements-awards-announcemnts","country-italia"],"acf":[],"yoast_head":"<!-- This site is optimized with the Yoast SEO Premium plugin v27.4 (Yoast SEO v27.4) - https:\/\/yoast.com\/product\/yoast-seo-premium-wordpress\/ -->\n<title>Studio A&amp;P a Madrid per l&#039;ELA Tech conference 2024 - Arletti Partners<\/title>\n<meta name=\"description\" content=\"Studio A&amp;P presenter\u00e0 l&#039;innovativa integrazione dell&#039;IA nel proprio Software Atlasposting all&#039;ELA Tech Conference 2024.\" \/>\n<meta name=\"robots\" content=\"index, follow, max-snippet:-1, max-image-preview:large, max-video-preview:-1\" \/>\n<link rel=\"canonical\" href=\"https:\/\/arlettipartners.com\/it\/announcements-awwa\/ap-a-madrid-per-ela-tech-conference-2024\/\" \/>\n<meta property=\"og:locale\" content=\"it_IT\" \/>\n<meta property=\"og:type\" content=\"article\" \/>\n<meta property=\"og:title\" content=\"Studio A&amp;P a Madrid per l&#039;ELA Tech conference 2024\" \/>\n<meta property=\"og:description\" content=\"Studio A&amp;P presenter\u00e0 l&#039;innovativa integrazione dell&#039;IA nel proprio Software Atlasposting all&#039;ELA Tech Conference 2024.\" \/>\n<meta property=\"og:url\" content=\"https:\/\/arlettipartners.com\/it\/announcements-awwa\/ap-a-madrid-per-ela-tech-conference-2024\/\" \/>\n<meta property=\"og:site_name\" content=\"Arletti Partners\" \/>\n<meta property=\"article:publisher\" content=\"https:\/\/www.facebook.com\/ArlettiPartners\" \/>\n<meta property=\"article:modified_time\" content=\"2025-11-12T08:03:53+00:00\" \/>\n<meta property=\"og:image\" content=\"https:\/\/arlettipartners.com\/wp-content\/uploads\/2024\/01\/ELA-2024.png\" \/>\n\t<meta property=\"og:image:width\" content=\"1300\" \/>\n\t<meta property=\"og:image:height\" content=\"700\" \/>\n\t<meta property=\"og:image:type\" content=\"image\/png\" \/>\n<meta name=\"twitter:card\" content=\"summary_large_image\" \/>\n<meta name=\"twitter:label1\" content=\"Tempo di lettura stimato\" \/>\n\t<meta name=\"twitter:data1\" content=\"2 minuti\" \/>\n<script type=\"application\/ld+json\" class=\"yoast-schema-graph\">{\"@context\":\"https:\\\/\\\/schema.org\",\"@graph\":[{\"@type\":\"WebPage\",\"@id\":\"https:\\\/\\\/arlettipartners.com\\\/it\\\/announcements-awwa\\\/ap-a-madrid-per-ela-tech-conference-2024\\\/\",\"url\":\"https:\\\/\\\/arlettipartners.com\\\/it\\\/announcements-awwa\\\/ap-a-madrid-per-ela-tech-conference-2024\\\/\",\"name\":\"Studio A&P a Madrid per l'ELA Tech conference 2024 - Arletti Partners\",\"isPartOf\":{\"@id\":\"https:\\\/\\\/arlettipartners.com\\\/it\\\/#website\"},\"primaryImageOfPage\":{\"@id\":\"https:\\\/\\\/arlettipartners.com\\\/it\\\/announcements-awwa\\\/ap-a-madrid-per-ela-tech-conference-2024\\\/#primaryimage\"},\"image\":{\"@id\":\"https:\\\/\\\/arlettipartners.com\\\/it\\\/announcements-awwa\\\/ap-a-madrid-per-ela-tech-conference-2024\\\/#primaryimage\"},\"thumbnailUrl\":\"https:\\\/\\\/arlettipartners.com\\\/wp-content\\\/uploads\\\/2024\\\/01\\\/ELA-2024.png\",\"datePublished\":\"2024-01-25T11:46:28+00:00\",\"dateModified\":\"2025-11-12T08:03:53+00:00\",\"description\":\"Studio A&P presenter\u00e0 l'innovativa integrazione dell'IA nel proprio Software Atlasposting all'ELA Tech Conference 2024.\",\"breadcrumb\":{\"@id\":\"https:\\\/\\\/arlettipartners.com\\\/it\\\/announcements-awwa\\\/ap-a-madrid-per-ela-tech-conference-2024\\\/#breadcrumb\"},\"inLanguage\":\"it-IT\",\"potentialAction\":[{\"@type\":\"ReadAction\",\"target\":[\"https:\\\/\\\/arlettipartners.com\\\/it\\\/announcements-awwa\\\/ap-a-madrid-per-ela-tech-conference-2024\\\/\"]}]},{\"@type\":\"ImageObject\",\"inLanguage\":\"it-IT\",\"@id\":\"https:\\\/\\\/arlettipartners.com\\\/it\\\/announcements-awwa\\\/ap-a-madrid-per-ela-tech-conference-2024\\\/#primaryimage\",\"url\":\"https:\\\/\\\/arlettipartners.com\\\/wp-content\\\/uploads\\\/2024\\\/01\\\/ELA-2024.png\",\"contentUrl\":\"https:\\\/\\\/arlettipartners.com\\\/wp-content\\\/uploads\\\/2024\\\/01\\\/ELA-2024.png\",\"width\":1300,\"height\":700,\"caption\":\"ELA 2024\"},{\"@type\":\"BreadcrumbList\",\"@id\":\"https:\\\/\\\/arlettipartners.com\\\/it\\\/announcements-awwa\\\/ap-a-madrid-per-ela-tech-conference-2024\\\/#breadcrumb\",\"itemListElement\":[{\"@type\":\"ListItem\",\"position\":1,\"name\":\"Home\",\"item\":\"https:\\\/\\\/arlettipartners.com\\\/it\\\/\"},{\"@type\":\"ListItem\",\"position\":2,\"name\":\"Studio A&#038;P a Madrid per l&#8217;ELA Tech conference 2024\"}]},{\"@type\":\"WebSite\",\"@id\":\"https:\\\/\\\/arlettipartners.com\\\/it\\\/#website\",\"url\":\"https:\\\/\\\/arlettipartners.com\\\/it\\\/\",\"name\":\"Arletti Partners\",\"description\":\"Tax Advisors and Global Mobility Specialists\",\"publisher\":{\"@id\":\"https:\\\/\\\/arlettipartners.com\\\/it\\\/#organization\"},\"potentialAction\":[{\"@type\":\"SearchAction\",\"target\":{\"@type\":\"EntryPoint\",\"urlTemplate\":\"https:\\\/\\\/arlettipartners.com\\\/it\\\/?s={search_term_string}\"},\"query-input\":{\"@type\":\"PropertyValueSpecification\",\"valueRequired\":true,\"valueName\":\"search_term_string\"}}],\"inLanguage\":\"it-IT\"},{\"@type\":\"Organization\",\"@id\":\"https:\\\/\\\/arlettipartners.com\\\/it\\\/#organization\",\"name\":\"Arletti & Partners\",\"url\":\"https:\\\/\\\/arlettipartners.com\\\/it\\\/\",\"logo\":{\"@type\":\"ImageObject\",\"inLanguage\":\"it-IT\",\"@id\":\"https:\\\/\\\/arlettipartners.com\\\/it\\\/#\\\/schema\\\/logo\\\/image\\\/\",\"url\":\"https:\\\/\\\/arlettipartners.com\\\/wp-content\\\/uploads\\\/2022\\\/03\\\/logo.png.nuovo_.nero_.png\",\"contentUrl\":\"https:\\\/\\\/arlettipartners.com\\\/wp-content\\\/uploads\\\/2022\\\/03\\\/logo.png.nuovo_.nero_.png\",\"width\":150,\"height\":32,\"caption\":\"Arletti & Partners\"},\"image\":{\"@id\":\"https:\\\/\\\/arlettipartners.com\\\/it\\\/#\\\/schema\\\/logo\\\/image\\\/\"},\"sameAs\":[\"https:\\\/\\\/www.facebook.com\\\/ArlettiPartners\",\"https:\\\/\\\/www.linkedin.com\\\/company\\\/aampp---arletti-amp-partners\\\/\"]}]}<\/script>\n<!-- \/ Yoast SEO Premium plugin. -->","yoast_head_json":{"title":"Studio A&P a Madrid per l'ELA Tech conference 2024 - Arletti Partners","description":"Studio A&P presenter\u00e0 l'innovativa integrazione dell'IA nel proprio Software Atlasposting all'ELA Tech Conference 2024.","robots":{"index":"index","follow":"follow","max-snippet":"max-snippet:-1","max-image-preview":"max-image-preview:large","max-video-preview":"max-video-preview:-1"},"canonical":"https:\/\/arlettipartners.com\/it\/announcements-awwa\/ap-a-madrid-per-ela-tech-conference-2024\/","og_locale":"it_IT","og_type":"article","og_title":"Studio A&P a Madrid per l'ELA Tech conference 2024","og_description":"Studio A&P presenter\u00e0 l'innovativa integrazione dell'IA nel proprio Software Atlasposting all'ELA Tech Conference 2024.","og_url":"https:\/\/arlettipartners.com\/it\/announcements-awwa\/ap-a-madrid-per-ela-tech-conference-2024\/","og_site_name":"Arletti Partners","article_publisher":"https:\/\/www.facebook.com\/ArlettiPartners","article_modified_time":"2025-11-12T08:03:53+00:00","og_image":[{"width":1300,"height":700,"url":"https:\/\/arlettipartners.com\/wp-content\/uploads\/2024\/01\/ELA-2024.png","type":"image\/png"}],"twitter_card":"summary_large_image","twitter_misc":{"Tempo di lettura stimato":"2 minuti"},"schema":{"@context":"https:\/\/schema.org","@graph":[{"@type":"WebPage","@id":"https:\/\/arlettipartners.com\/it\/announcements-awwa\/ap-a-madrid-per-ela-tech-conference-2024\/","url":"https:\/\/arlettipartners.com\/it\/announcements-awwa\/ap-a-madrid-per-ela-tech-conference-2024\/","name":"Studio A&P a Madrid per l'ELA Tech conference 2024 - Arletti Partners","isPartOf":{"@id":"https:\/\/arlettipartners.com\/it\/#website"},"primaryImageOfPage":{"@id":"https:\/\/arlettipartners.com\/it\/announcements-awwa\/ap-a-madrid-per-ela-tech-conference-2024\/#primaryimage"},"image":{"@id":"https:\/\/arlettipartners.com\/it\/announcements-awwa\/ap-a-madrid-per-ela-tech-conference-2024\/#primaryimage"},"thumbnailUrl":"https:\/\/arlettipartners.com\/wp-content\/uploads\/2024\/01\/ELA-2024.png","datePublished":"2024-01-25T11:46:28+00:00","dateModified":"2025-11-12T08:03:53+00:00","description":"Studio A&P presenter\u00e0 l'innovativa integrazione dell'IA nel proprio Software Atlasposting all'ELA Tech Conference 2024.","breadcrumb":{"@id":"https:\/\/arlettipartners.com\/it\/announcements-awwa\/ap-a-madrid-per-ela-tech-conference-2024\/#breadcrumb"},"inLanguage":"it-IT","potentialAction":[{"@type":"ReadAction","target":["https:\/\/arlettipartners.com\/it\/announcements-awwa\/ap-a-madrid-per-ela-tech-conference-2024\/"]}]},{"@type":"ImageObject","inLanguage":"it-IT","@id":"https:\/\/arlettipartners.com\/it\/announcements-awwa\/ap-a-madrid-per-ela-tech-conference-2024\/#primaryimage","url":"https:\/\/arlettipartners.com\/wp-content\/uploads\/2024\/01\/ELA-2024.png","contentUrl":"https:\/\/arlettipartners.com\/wp-content\/uploads\/2024\/01\/ELA-2024.png","width":1300,"height":700,"caption":"ELA 2024"},{"@type":"BreadcrumbList","@id":"https:\/\/arlettipartners.com\/it\/announcements-awwa\/ap-a-madrid-per-ela-tech-conference-2024\/#breadcrumb","itemListElement":[{"@type":"ListItem","position":1,"name":"Home","item":"https:\/\/arlettipartners.com\/it\/"},{"@type":"ListItem","position":2,"name":"Studio A&#038;P a Madrid per l&#8217;ELA Tech conference 2024"}]},{"@type":"WebSite","@id":"https:\/\/arlettipartners.com\/it\/#website","url":"https:\/\/arlettipartners.com\/it\/","name":"Arletti Partners","description":"Tax Advisors and Global Mobility Specialists","publisher":{"@id":"https:\/\/arlettipartners.com\/it\/#organization"},"potentialAction":[{"@type":"SearchAction","target":{"@type":"EntryPoint","urlTemplate":"https:\/\/arlettipartners.com\/it\/?s={search_term_string}"},"query-input":{"@type":"PropertyValueSpecification","valueRequired":true,"valueName":"search_term_string"}}],"inLanguage":"it-IT"},{"@type":"Organization","@id":"https:\/\/arlettipartners.com\/it\/#organization","name":"Arletti & Partners","url":"https:\/\/arlettipartners.com\/it\/","logo":{"@type":"ImageObject","inLanguage":"it-IT","@id":"https:\/\/arlettipartners.com\/it\/#\/schema\/logo\/image\/","url":"https:\/\/arlettipartners.com\/wp-content\/uploads\/2022\/03\/logo.png.nuovo_.nero_.png","contentUrl":"https:\/\/arlettipartners.com\/wp-content\/uploads\/2022\/03\/logo.png.nuovo_.nero_.png","width":150,"height":32,"caption":"Arletti & Partners"},"image":{"@id":"https:\/\/arlettipartners.com\/it\/#\/schema\/logo\/image\/"},"sameAs":["https:\/\/www.facebook.com\/ArlettiPartners","https:\/\/www.linkedin.com\/company\/aampp---arletti-amp-partners\/"]}]}},"_links":{"self":[{"href":"https:\/\/arlettipartners.com\/it\/wp-json\/wp\/v2\/announcements-awwa\/171063","targetHints":{"allow":["GET"]}}],"collection":[{"href":"https:\/\/arlettipartners.com\/it\/wp-json\/wp\/v2\/announcements-awwa"}],"about":[{"href":"https:\/\/arlettipartners.com\/it\/wp-json\/wp\/v2\/types\/announcements-awwa"}],"version-history":[{"count":0,"href":"https:\/\/arlettipartners.com\/it\/wp-json\/wp\/v2\/announcements-awwa\/171063\/revisions"}],"wp:featuredmedia":[{"embeddable":true,"href":"https:\/\/arlettipartners.com\/it\/wp-json\/wp\/v2\/media\/219939"}],"wp:attachment":[{"href":"https:\/\/arlettipartners.com\/it\/wp-json\/wp\/v2\/media?parent=171063"}],"wp:term":[{"taxonomy":"category","embeddable":true,"href":"https:\/\/arlettipartners.com\/it\/wp-json\/wp\/v2\/categories?post=171063"},{"taxonomy":"post_tag","embeddable":true,"href":"https:\/\/arlettipartners.com\/it\/wp-json\/wp\/v2\/tags?post=171063"},{"taxonomy":"country","embeddable":true,"href":"https:\/\/arlettipartners.com\/it\/wp-json\/wp\/v2\/country?post=171063"},{"taxonomy":"service","embeddable":true,"href":"https:\/\/arlettipartners.com\/it\/wp-json\/wp\/v2\/service?post=171063"}],"curies":[{"name":"wp","href":"https:\/\/api.w.org\/{rel}","templated":true}]}}