{"id":114730,"date":"2021-04-07T07:41:02","date_gmt":"2021-04-07T05:41:02","guid":{"rendered":"https:\/\/arlettipartners.com\/webinar-in-collaborazione-con-federmacchine\/"},"modified":"2025-10-27T12:38:23","modified_gmt":"2025-10-27T11:38:23","slug":"webinar-in-collaborazione-con-federmacchine","status":"publish","type":"announcements-awwa","link":"https:\/\/arlettipartners.com\/it\/announcements-awwa\/webinar-in-collaborazione-con-federmacchine\/","title":{"rendered":"09\/04\/2021 &#8211; Webinar in collaborazione con Federmacchine"},"content":{"rendered":"<h2 style=\"text-align: left;\">Lo Studio Arletti&amp;Partners \u00e8 lieto di annunciare la propria partecipazione in qualit\u00e0 di relatore al webinar organizzato da <strong>Federmacchine<\/strong> per venerd\u00ec 9 aprile.<\/h2>\n<p style=\"text-align: left;\">La federazione nazionale delle associazioni dei produttori di beni strumentali per processi manifatturieri dell\u2019industria e dell\u2019artigianato raccoglie migliaia di imprese su tutto il territorio nazionale, che si mostrano sempre pi\u00f9 interessate alle tematiche riguardo la mobilit\u00e0 dei lavoratori. Il settore \u201cMachinery and equipment\u201d conta infatti pi\u00f9 di 5.000 aziende e vede oltre il 67% della produzione esportata oltreconfine.<\/p>\n<p style=\"text-align: left;\">Lo Studio Arletti&amp;Partners ha un\u2019esperienza consolidata nella gestione degli adempimenti in materia di prestazione di servizio all\u2019estero ed \u00e8 lieta di mettere a disposizione la propria competenza in materia.<\/p>\n<h3 style=\"text-align: left;\">Contenuti<\/h3>\n<p style=\"text-align: left;\">Durante l\u2019incontro, il Dr. Arletti insieme ai collaboratori esperti dello studio affronteranno le tematiche principali in merito alla mobilit\u00e0 dei lavoratori:<\/p>\n<ul style=\"text-align: left;\">\n<li>Norme di Diritto del Lavoro e Covid-19 Estero: adempimenti, test e quarantene vigenti nei principali Paesi UE;<\/li>\n<li>Norme Covid-19 Estero: adempimenti, test e quarantene vigenti nei seguenti Paesi Extra-UE: USA, Cina. Le novit\u00e0 UK dopo la Brexit;<\/li>\n<li>Norme Covid-19 Italia: quali obblighi al rientro del lavoratore dall\u2019estero alla luce del prossimo DPCM in vigore dal 7 aprile 2021;<\/li>\n<li>Rischi in Cantieri non UE in epoca Covid: i processi minimi che l\u2019azienda deve adottare secondo la Giurisprudenza consolidata.<\/li>\n<\/ul>\n<h3 style=\"text-align: left;\">Modalit\u00e0 di partecipazione<\/h3>\n<p style=\"text-align: left;\">Il webinar non \u00e8 pi\u00f9 disponibile.<\/p>\n","protected":false},"excerpt":{"rendered":"<p>Lo Studio Arletti&#038;Partners \u00e8 lieto di annunciare la propria partecipazione in qualit\u00e0 di relatore al webinar organizzato da Federmacchine per venerd\u00ec 9 aprile. <\/p>\n","protected":false},"featured_media":216488,"template":"","meta":{"_acf_changed":false,"footnotes":""},"categories":[27],"tags":[6369],"country":[1503],"service":[5810],"class_list":["post-114730","announcements-awwa","type-announcements-awwa","status-publish","has-post-thumbnail","hentry","category-uncategorized","tag-aaa-achievements-awards-announcemnts","country-italia","service-webinar-for-industrial-associations-about-gm"],"acf":[],"yoast_head":"<!-- This site is optimized with the Yoast SEO Premium plugin v27.4 (Yoast SEO v27.4) - https:\/\/yoast.com\/product\/yoast-seo-premium-wordpress\/ -->\n<title>09\/04\/2021 - Webinar in collaborazione con Federmacchine - Arletti Partners<\/title>\n<meta name=\"description\" content=\"Lo Studio Arletti&amp;Partners \u00e8 lieto di annunciare la propria partecipazione in qualit\u00e0 di relatore al webinar organizzato da Federmacchine per venerd\u00ec 9 aprile.\" \/>\n<meta name=\"robots\" content=\"index, follow, max-snippet:-1, max-image-preview:large, max-video-preview:-1\" \/>\n<link rel=\"canonical\" href=\"https:\/\/arlettipartners.com\/it\/announcements-awwa\/webinar-in-collaborazione-con-federmacchine\/\" \/>\n<meta property=\"og:locale\" content=\"it_IT\" \/>\n<meta property=\"og:type\" content=\"article\" \/>\n<meta property=\"og:title\" content=\"09\/04\/2021 - Webinar in collaborazione con Federmacchine\" \/>\n<meta property=\"og:description\" content=\"Lo Studio Arletti&amp;Partners \u00e8 lieto di annunciare la propria partecipazione in qualit\u00e0 di relatore al webinar organizzato da Federmacchine per venerd\u00ec 9 aprile.\" \/>\n<meta property=\"og:url\" content=\"https:\/\/arlettipartners.com\/it\/announcements-awwa\/webinar-in-collaborazione-con-federmacchine\/\" \/>\n<meta property=\"og:site_name\" content=\"Arletti Partners\" \/>\n<meta property=\"article:publisher\" content=\"https:\/\/www.facebook.com\/ArlettiPartners\" \/>\n<meta property=\"article:modified_time\" content=\"2025-10-27T11:38:23+00:00\" \/>\n<meta property=\"og:image\" content=\"https:\/\/arlettipartners.com\/wp-content\/uploads\/2022\/03\/AP-Federmacchine-webinar-orizz-2.png\" \/>\n\t<meta property=\"og:image:width\" content=\"1300\" \/>\n\t<meta property=\"og:image:height\" content=\"700\" \/>\n\t<meta property=\"og:image:type\" content=\"image\/png\" \/>\n<meta name=\"twitter:card\" content=\"summary_large_image\" \/>\n<meta name=\"twitter:label1\" content=\"Tempo di lettura stimato\" \/>\n\t<meta name=\"twitter:data1\" content=\"2 minuti\" \/>\n<script type=\"application\/ld+json\" class=\"yoast-schema-graph\">{\"@context\":\"https:\\\/\\\/schema.org\",\"@graph\":[{\"@type\":\"WebPage\",\"@id\":\"https:\\\/\\\/arlettipartners.com\\\/it\\\/announcements-awwa\\\/webinar-in-collaborazione-con-federmacchine\\\/\",\"url\":\"https:\\\/\\\/arlettipartners.com\\\/it\\\/announcements-awwa\\\/webinar-in-collaborazione-con-federmacchine\\\/\",\"name\":\"09\\\/04\\\/2021 - Webinar in collaborazione con Federmacchine - Arletti Partners\",\"isPartOf\":{\"@id\":\"https:\\\/\\\/arlettipartners.com\\\/it\\\/#website\"},\"primaryImageOfPage\":{\"@id\":\"https:\\\/\\\/arlettipartners.com\\\/it\\\/announcements-awwa\\\/webinar-in-collaborazione-con-federmacchine\\\/#primaryimage\"},\"image\":{\"@id\":\"https:\\\/\\\/arlettipartners.com\\\/it\\\/announcements-awwa\\\/webinar-in-collaborazione-con-federmacchine\\\/#primaryimage\"},\"thumbnailUrl\":\"https:\\\/\\\/arlettipartners.com\\\/wp-content\\\/uploads\\\/2022\\\/03\\\/AP-Federmacchine-webinar-orizz-2.png\",\"datePublished\":\"2021-04-07T05:41:02+00:00\",\"dateModified\":\"2025-10-27T11:38:23+00:00\",\"description\":\"Lo Studio Arletti&Partners \u00e8 lieto di annunciare la propria partecipazione in qualit\u00e0 di relatore al webinar organizzato da Federmacchine per venerd\u00ec 9 aprile.\",\"breadcrumb\":{\"@id\":\"https:\\\/\\\/arlettipartners.com\\\/it\\\/announcements-awwa\\\/webinar-in-collaborazione-con-federmacchine\\\/#breadcrumb\"},\"inLanguage\":\"it-IT\",\"potentialAction\":[{\"@type\":\"ReadAction\",\"target\":[\"https:\\\/\\\/arlettipartners.com\\\/it\\\/announcements-awwa\\\/webinar-in-collaborazione-con-federmacchine\\\/\"]}]},{\"@type\":\"ImageObject\",\"inLanguage\":\"it-IT\",\"@id\":\"https:\\\/\\\/arlettipartners.com\\\/it\\\/announcements-awwa\\\/webinar-in-collaborazione-con-federmacchine\\\/#primaryimage\",\"url\":\"https:\\\/\\\/arlettipartners.com\\\/wp-content\\\/uploads\\\/2022\\\/03\\\/AP-Federmacchine-webinar-orizz-2.png\",\"contentUrl\":\"https:\\\/\\\/arlettipartners.com\\\/wp-content\\\/uploads\\\/2022\\\/03\\\/AP-Federmacchine-webinar-orizz-2.png\",\"width\":1300,\"height\":700},{\"@type\":\"BreadcrumbList\",\"@id\":\"https:\\\/\\\/arlettipartners.com\\\/it\\\/announcements-awwa\\\/webinar-in-collaborazione-con-federmacchine\\\/#breadcrumb\",\"itemListElement\":[{\"@type\":\"ListItem\",\"position\":1,\"name\":\"Home\",\"item\":\"https:\\\/\\\/arlettipartners.com\\\/it\\\/\"},{\"@type\":\"ListItem\",\"position\":2,\"name\":\"09\\\/04\\\/2021 &#8211; Webinar in collaborazione con Federmacchine\"}]},{\"@type\":\"WebSite\",\"@id\":\"https:\\\/\\\/arlettipartners.com\\\/it\\\/#website\",\"url\":\"https:\\\/\\\/arlettipartners.com\\\/it\\\/\",\"name\":\"Arletti Partners\",\"description\":\"Tax Advisors and Global Mobility Specialists\",\"publisher\":{\"@id\":\"https:\\\/\\\/arlettipartners.com\\\/it\\\/#organization\"},\"potentialAction\":[{\"@type\":\"SearchAction\",\"target\":{\"@type\":\"EntryPoint\",\"urlTemplate\":\"https:\\\/\\\/arlettipartners.com\\\/it\\\/?s={search_term_string}\"},\"query-input\":{\"@type\":\"PropertyValueSpecification\",\"valueRequired\":true,\"valueName\":\"search_term_string\"}}],\"inLanguage\":\"it-IT\"},{\"@type\":\"Organization\",\"@id\":\"https:\\\/\\\/arlettipartners.com\\\/it\\\/#organization\",\"name\":\"Arletti & Partners\",\"url\":\"https:\\\/\\\/arlettipartners.com\\\/it\\\/\",\"logo\":{\"@type\":\"ImageObject\",\"inLanguage\":\"it-IT\",\"@id\":\"https:\\\/\\\/arlettipartners.com\\\/it\\\/#\\\/schema\\\/logo\\\/image\\\/\",\"url\":\"https:\\\/\\\/arlettipartners.com\\\/wp-content\\\/uploads\\\/2022\\\/03\\\/logo.png.nuovo_.nero_.png\",\"contentUrl\":\"https:\\\/\\\/arlettipartners.com\\\/wp-content\\\/uploads\\\/2022\\\/03\\\/logo.png.nuovo_.nero_.png\",\"width\":150,\"height\":32,\"caption\":\"Arletti & Partners\"},\"image\":{\"@id\":\"https:\\\/\\\/arlettipartners.com\\\/it\\\/#\\\/schema\\\/logo\\\/image\\\/\"},\"sameAs\":[\"https:\\\/\\\/www.facebook.com\\\/ArlettiPartners\",\"https:\\\/\\\/www.linkedin.com\\\/company\\\/aampp---arletti-amp-partners\\\/\"]}]}<\/script>\n<!-- \/ Yoast SEO Premium plugin. -->","yoast_head_json":{"title":"09\/04\/2021 - Webinar in collaborazione con Federmacchine - Arletti Partners","description":"Lo Studio Arletti&Partners \u00e8 lieto di annunciare la propria partecipazione in qualit\u00e0 di relatore al webinar organizzato da Federmacchine per venerd\u00ec 9 aprile.","robots":{"index":"index","follow":"follow","max-snippet":"max-snippet:-1","max-image-preview":"max-image-preview:large","max-video-preview":"max-video-preview:-1"},"canonical":"https:\/\/arlettipartners.com\/it\/announcements-awwa\/webinar-in-collaborazione-con-federmacchine\/","og_locale":"it_IT","og_type":"article","og_title":"09\/04\/2021 - Webinar in collaborazione con Federmacchine","og_description":"Lo Studio Arletti&Partners \u00e8 lieto di annunciare la propria partecipazione in qualit\u00e0 di relatore al webinar organizzato da Federmacchine per venerd\u00ec 9 aprile.","og_url":"https:\/\/arlettipartners.com\/it\/announcements-awwa\/webinar-in-collaborazione-con-federmacchine\/","og_site_name":"Arletti Partners","article_publisher":"https:\/\/www.facebook.com\/ArlettiPartners","article_modified_time":"2025-10-27T11:38:23+00:00","og_image":[{"width":1300,"height":700,"url":"https:\/\/arlettipartners.com\/wp-content\/uploads\/2022\/03\/AP-Federmacchine-webinar-orizz-2.png","type":"image\/png"}],"twitter_card":"summary_large_image","twitter_misc":{"Tempo di lettura stimato":"2 minuti"},"schema":{"@context":"https:\/\/schema.org","@graph":[{"@type":"WebPage","@id":"https:\/\/arlettipartners.com\/it\/announcements-awwa\/webinar-in-collaborazione-con-federmacchine\/","url":"https:\/\/arlettipartners.com\/it\/announcements-awwa\/webinar-in-collaborazione-con-federmacchine\/","name":"09\/04\/2021 - Webinar in collaborazione con Federmacchine - Arletti Partners","isPartOf":{"@id":"https:\/\/arlettipartners.com\/it\/#website"},"primaryImageOfPage":{"@id":"https:\/\/arlettipartners.com\/it\/announcements-awwa\/webinar-in-collaborazione-con-federmacchine\/#primaryimage"},"image":{"@id":"https:\/\/arlettipartners.com\/it\/announcements-awwa\/webinar-in-collaborazione-con-federmacchine\/#primaryimage"},"thumbnailUrl":"https:\/\/arlettipartners.com\/wp-content\/uploads\/2022\/03\/AP-Federmacchine-webinar-orizz-2.png","datePublished":"2021-04-07T05:41:02+00:00","dateModified":"2025-10-27T11:38:23+00:00","description":"Lo Studio Arletti&Partners \u00e8 lieto di annunciare la propria partecipazione in qualit\u00e0 di relatore al webinar organizzato da Federmacchine per venerd\u00ec 9 aprile.","breadcrumb":{"@id":"https:\/\/arlettipartners.com\/it\/announcements-awwa\/webinar-in-collaborazione-con-federmacchine\/#breadcrumb"},"inLanguage":"it-IT","potentialAction":[{"@type":"ReadAction","target":["https:\/\/arlettipartners.com\/it\/announcements-awwa\/webinar-in-collaborazione-con-federmacchine\/"]}]},{"@type":"ImageObject","inLanguage":"it-IT","@id":"https:\/\/arlettipartners.com\/it\/announcements-awwa\/webinar-in-collaborazione-con-federmacchine\/#primaryimage","url":"https:\/\/arlettipartners.com\/wp-content\/uploads\/2022\/03\/AP-Federmacchine-webinar-orizz-2.png","contentUrl":"https:\/\/arlettipartners.com\/wp-content\/uploads\/2022\/03\/AP-Federmacchine-webinar-orizz-2.png","width":1300,"height":700},{"@type":"BreadcrumbList","@id":"https:\/\/arlettipartners.com\/it\/announcements-awwa\/webinar-in-collaborazione-con-federmacchine\/#breadcrumb","itemListElement":[{"@type":"ListItem","position":1,"name":"Home","item":"https:\/\/arlettipartners.com\/it\/"},{"@type":"ListItem","position":2,"name":"09\/04\/2021 &#8211; Webinar in collaborazione con Federmacchine"}]},{"@type":"WebSite","@id":"https:\/\/arlettipartners.com\/it\/#website","url":"https:\/\/arlettipartners.com\/it\/","name":"Arletti Partners","description":"Tax Advisors and Global Mobility Specialists","publisher":{"@id":"https:\/\/arlettipartners.com\/it\/#organization"},"potentialAction":[{"@type":"SearchAction","target":{"@type":"EntryPoint","urlTemplate":"https:\/\/arlettipartners.com\/it\/?s={search_term_string}"},"query-input":{"@type":"PropertyValueSpecification","valueRequired":true,"valueName":"search_term_string"}}],"inLanguage":"it-IT"},{"@type":"Organization","@id":"https:\/\/arlettipartners.com\/it\/#organization","name":"Arletti & Partners","url":"https:\/\/arlettipartners.com\/it\/","logo":{"@type":"ImageObject","inLanguage":"it-IT","@id":"https:\/\/arlettipartners.com\/it\/#\/schema\/logo\/image\/","url":"https:\/\/arlettipartners.com\/wp-content\/uploads\/2022\/03\/logo.png.nuovo_.nero_.png","contentUrl":"https:\/\/arlettipartners.com\/wp-content\/uploads\/2022\/03\/logo.png.nuovo_.nero_.png","width":150,"height":32,"caption":"Arletti & Partners"},"image":{"@id":"https:\/\/arlettipartners.com\/it\/#\/schema\/logo\/image\/"},"sameAs":["https:\/\/www.facebook.com\/ArlettiPartners","https:\/\/www.linkedin.com\/company\/aampp---arletti-amp-partners\/"]}]}},"_links":{"self":[{"href":"https:\/\/arlettipartners.com\/it\/wp-json\/wp\/v2\/announcements-awwa\/114730","targetHints":{"allow":["GET"]}}],"collection":[{"href":"https:\/\/arlettipartners.com\/it\/wp-json\/wp\/v2\/announcements-awwa"}],"about":[{"href":"https:\/\/arlettipartners.com\/it\/wp-json\/wp\/v2\/types\/announcements-awwa"}],"version-history":[{"count":0,"href":"https:\/\/arlettipartners.com\/it\/wp-json\/wp\/v2\/announcements-awwa\/114730\/revisions"}],"wp:featuredmedia":[{"embeddable":true,"href":"https:\/\/arlettipartners.com\/it\/wp-json\/wp\/v2\/media\/216488"}],"wp:attachment":[{"href":"https:\/\/arlettipartners.com\/it\/wp-json\/wp\/v2\/media?parent=114730"}],"wp:term":[{"taxonomy":"category","embeddable":true,"href":"https:\/\/arlettipartners.com\/it\/wp-json\/wp\/v2\/categories?post=114730"},{"taxonomy":"post_tag","embeddable":true,"href":"https:\/\/arlettipartners.com\/it\/wp-json\/wp\/v2\/tags?post=114730"},{"taxonomy":"country","embeddable":true,"href":"https:\/\/arlettipartners.com\/it\/wp-json\/wp\/v2\/country?post=114730"},{"taxonomy":"service","embeddable":true,"href":"https:\/\/arlettipartners.com\/it\/wp-json\/wp\/v2\/service?post=114730"}],"curies":[{"name":"wp","href":"https:\/\/api.w.org\/{rel}","templated":true}]}}