{"id":234376,"date":"2026-04-27T16:10:48","date_gmt":"2026-04-27T14:10:48","guid":{"rendered":"https:\/\/arlettipartners.com\/?post_type=services&#038;p=234376"},"modified":"2026-04-27T16:12:31","modified_gmt":"2026-04-27T14:12:31","slug":"politique-interne-de-teletravail","status":"publish","type":"services","link":"https:\/\/arlettipartners.com\/fr\/services\/politique-interne-de-teletravail\/","title":{"rendered":"Politique Interne de t\u00e9l\u00e9travail"},"content":{"rendered":"","protected":false},"excerpt":{"rendered":"<p>Arletti &#038; Partners assiste les entreprises dans la r\u00e9daction de politiques de t\u00e9l\u00e9travail qui r\u00e9glementent de mani\u00e8re claire et conforme le travail des employ\u00e9s depuis l&#8217;\u00e9tranger. La politique aide \u00e0 d\u00e9finir les r\u00e8gles applicables, les responsabilit\u00e9s et les processus d&#8217;approbation, en soutenant le respect des obligations l\u00e9gales, fiscales, de s\u00e9curit\u00e9 sociale, d&#8217;immigration et d&#8217;emploi.<\/p>\n","protected":false},"author":110,"featured_media":234344,"parent":0,"template":"","meta":{"_acf_changed":false,"footnotes":""},"categories":[1460],"tags":[6725],"country":[1505,7799],"container":[7737,7746,7760],"individualscorporates":[7819],"raggruppamento":[7896],"service":[8024],"tag-di-competenza":[5625],"class_list":["post-234376","services","type-services","status-publish","has-post-thumbnail","hentry","category-labour-law","tag-servizi-nuovi","country-italie","country-worldwide","container-hiring-and-payrol-abroad","container-international-transfers","container-remote-working-abroad","individualscorporates-corporates","raggruppamento-labour-law","service-remote-work-policy-eng","tag-di-competenza-team-giuridico-fr"],"acf":[],"yoast_head":"<!-- This site is optimized with the Yoast SEO Premium plugin v27.4 (Yoast SEO v27.4) - https:\/\/yoast.com\/product\/yoast-seo-premium-wordpress\/ -->\n<title>Politique Interne de t\u00e9l\u00e9travail - Arletti Partners<\/title>\n<meta name=\"robots\" content=\"index, follow, max-snippet:-1, max-image-preview:large, max-video-preview:-1\" \/>\n<link rel=\"canonical\" href=\"https:\/\/arlettipartners.com\/fr\/services\/politique-interne-de-teletravail\/\" \/>\n<meta property=\"og:locale\" content=\"fr_FR\" \/>\n<meta property=\"og:type\" content=\"article\" \/>\n<meta property=\"og:title\" content=\"Politique Interne de t\u00e9l\u00e9travail\" \/>\n<meta property=\"og:description\" content=\"Arletti &amp; Partners assiste les entreprises dans la r\u00e9daction de politiques de t\u00e9l\u00e9travail qui r\u00e9glementent de mani\u00e8re claire et conforme le travail des employ\u00e9s depuis l&#039;\u00e9tranger. La politique aide \u00e0 d\u00e9finir les r\u00e8gles applicables, les responsabilit\u00e9s et les processus d&#039;approbation, en soutenant le respect des obligations l\u00e9gales, fiscales, de s\u00e9curit\u00e9 sociale, d&#039;immigration et d&#039;emploi.\" \/>\n<meta property=\"og:url\" content=\"https:\/\/arlettipartners.com\/fr\/services\/politique-interne-de-teletravail\/\" \/>\n<meta property=\"og:site_name\" content=\"Arletti Partners\" \/>\n<meta property=\"article:publisher\" content=\"https:\/\/www.facebook.com\/ArlettiPartners\" \/>\n<meta property=\"article:modified_time\" content=\"2026-04-27T14:12:31+00:00\" \/>\n<meta property=\"og:image\" content=\"https:\/\/arlettipartners.com\/wp-content\/uploads\/2026\/04\/andibreit-contract-1464917-scaled.jpg\" \/>\n\t<meta property=\"og:image:width\" content=\"2560\" \/>\n\t<meta property=\"og:image:height\" content=\"1707\" \/>\n\t<meta property=\"og:image:type\" content=\"image\/jpeg\" \/>\n<meta name=\"twitter:card\" content=\"summary_large_image\" \/>\n<script type=\"application\/ld+json\" class=\"yoast-schema-graph\">{\"@context\":\"https:\\\/\\\/schema.org\",\"@graph\":[{\"@type\":\"WebPage\",\"@id\":\"https:\\\/\\\/arlettipartners.com\\\/fr\\\/services\\\/politique-interne-de-teletravail\\\/\",\"url\":\"https:\\\/\\\/arlettipartners.com\\\/fr\\\/services\\\/politique-interne-de-teletravail\\\/\",\"name\":\"Politique Interne de t\u00e9l\u00e9travail - Arletti Partners\",\"isPartOf\":{\"@id\":\"https:\\\/\\\/arlettipartners.com\\\/fr\\\/#website\"},\"primaryImageOfPage\":{\"@id\":\"https:\\\/\\\/arlettipartners.com\\\/fr\\\/services\\\/politique-interne-de-teletravail\\\/#primaryimage\"},\"image\":{\"@id\":\"https:\\\/\\\/arlettipartners.com\\\/fr\\\/services\\\/politique-interne-de-teletravail\\\/#primaryimage\"},\"thumbnailUrl\":\"https:\\\/\\\/arlettipartners.com\\\/wp-content\\\/uploads\\\/2026\\\/04\\\/andibreit-contract-1464917-scaled.jpg\",\"datePublished\":\"2026-04-27T14:10:48+00:00\",\"dateModified\":\"2026-04-27T14:12:31+00:00\",\"breadcrumb\":{\"@id\":\"https:\\\/\\\/arlettipartners.com\\\/fr\\\/services\\\/politique-interne-de-teletravail\\\/#breadcrumb\"},\"inLanguage\":\"fr-FR\",\"potentialAction\":[{\"@type\":\"ReadAction\",\"target\":[\"https:\\\/\\\/arlettipartners.com\\\/fr\\\/services\\\/politique-interne-de-teletravail\\\/\"]}]},{\"@type\":\"ImageObject\",\"inLanguage\":\"fr-FR\",\"@id\":\"https:\\\/\\\/arlettipartners.com\\\/fr\\\/services\\\/politique-interne-de-teletravail\\\/#primaryimage\",\"url\":\"https:\\\/\\\/arlettipartners.com\\\/wp-content\\\/uploads\\\/2026\\\/04\\\/andibreit-contract-1464917-scaled.jpg\",\"contentUrl\":\"https:\\\/\\\/arlettipartners.com\\\/wp-content\\\/uploads\\\/2026\\\/04\\\/andibreit-contract-1464917-scaled.jpg\",\"width\":2560,\"height\":1707},{\"@type\":\"BreadcrumbList\",\"@id\":\"https:\\\/\\\/arlettipartners.com\\\/fr\\\/services\\\/politique-interne-de-teletravail\\\/#breadcrumb\",\"itemListElement\":[{\"@type\":\"ListItem\",\"position\":1,\"name\":\"Home\",\"item\":\"https:\\\/\\\/arlettipartners.com\\\/fr\\\/\"},{\"@type\":\"ListItem\",\"position\":2,\"name\":\"Services\",\"item\":\"https:\\\/\\\/arlettipartners.com\\\/fr\\\/services\\\/\"},{\"@type\":\"ListItem\",\"position\":3,\"name\":\"Politique Interne de t\u00e9l\u00e9travail\"}]},{\"@type\":\"WebSite\",\"@id\":\"https:\\\/\\\/arlettipartners.com\\\/fr\\\/#website\",\"url\":\"https:\\\/\\\/arlettipartners.com\\\/fr\\\/\",\"name\":\"Arletti Partners\",\"description\":\"Tax Advisors and Global Mobility Specialists\",\"publisher\":{\"@id\":\"https:\\\/\\\/arlettipartners.com\\\/fr\\\/#organization\"},\"potentialAction\":[{\"@type\":\"SearchAction\",\"target\":{\"@type\":\"EntryPoint\",\"urlTemplate\":\"https:\\\/\\\/arlettipartners.com\\\/fr\\\/?s={search_term_string}\"},\"query-input\":{\"@type\":\"PropertyValueSpecification\",\"valueRequired\":true,\"valueName\":\"search_term_string\"}}],\"inLanguage\":\"fr-FR\"},{\"@type\":\"Organization\",\"@id\":\"https:\\\/\\\/arlettipartners.com\\\/fr\\\/#organization\",\"name\":\"Arletti & Partners\",\"url\":\"https:\\\/\\\/arlettipartners.com\\\/fr\\\/\",\"logo\":{\"@type\":\"ImageObject\",\"inLanguage\":\"fr-FR\",\"@id\":\"https:\\\/\\\/arlettipartners.com\\\/fr\\\/#\\\/schema\\\/logo\\\/image\\\/\",\"url\":\"https:\\\/\\\/arlettipartners.com\\\/wp-content\\\/uploads\\\/2022\\\/03\\\/logo.png.nuovo_.nero_.png\",\"contentUrl\":\"https:\\\/\\\/arlettipartners.com\\\/wp-content\\\/uploads\\\/2022\\\/03\\\/logo.png.nuovo_.nero_.png\",\"width\":150,\"height\":32,\"caption\":\"Arletti & Partners\"},\"image\":{\"@id\":\"https:\\\/\\\/arlettipartners.com\\\/fr\\\/#\\\/schema\\\/logo\\\/image\\\/\"},\"sameAs\":[\"https:\\\/\\\/www.facebook.com\\\/ArlettiPartners\",\"https:\\\/\\\/www.linkedin.com\\\/company\\\/aampp---arletti-amp-partners\\\/\"]}]}<\/script>\n<!-- \/ Yoast SEO Premium plugin. -->","yoast_head_json":{"title":"Politique Interne de t\u00e9l\u00e9travail - Arletti Partners","robots":{"index":"index","follow":"follow","max-snippet":"max-snippet:-1","max-image-preview":"max-image-preview:large","max-video-preview":"max-video-preview:-1"},"canonical":"https:\/\/arlettipartners.com\/fr\/services\/politique-interne-de-teletravail\/","og_locale":"fr_FR","og_type":"article","og_title":"Politique Interne de t\u00e9l\u00e9travail","og_description":"Arletti & Partners assiste les entreprises dans la r\u00e9daction de politiques de t\u00e9l\u00e9travail qui r\u00e9glementent de mani\u00e8re claire et conforme le travail des employ\u00e9s depuis l'\u00e9tranger. La politique aide \u00e0 d\u00e9finir les r\u00e8gles applicables, les responsabilit\u00e9s et les processus d'approbation, en soutenant le respect des obligations l\u00e9gales, fiscales, de s\u00e9curit\u00e9 sociale, d'immigration et d'emploi.","og_url":"https:\/\/arlettipartners.com\/fr\/services\/politique-interne-de-teletravail\/","og_site_name":"Arletti Partners","article_publisher":"https:\/\/www.facebook.com\/ArlettiPartners","article_modified_time":"2026-04-27T14:12:31+00:00","og_image":[{"width":2560,"height":1707,"url":"https:\/\/arlettipartners.com\/wp-content\/uploads\/2026\/04\/andibreit-contract-1464917-scaled.jpg","type":"image\/jpeg"}],"twitter_card":"summary_large_image","schema":{"@context":"https:\/\/schema.org","@graph":[{"@type":"WebPage","@id":"https:\/\/arlettipartners.com\/fr\/services\/politique-interne-de-teletravail\/","url":"https:\/\/arlettipartners.com\/fr\/services\/politique-interne-de-teletravail\/","name":"Politique Interne de t\u00e9l\u00e9travail - Arletti Partners","isPartOf":{"@id":"https:\/\/arlettipartners.com\/fr\/#website"},"primaryImageOfPage":{"@id":"https:\/\/arlettipartners.com\/fr\/services\/politique-interne-de-teletravail\/#primaryimage"},"image":{"@id":"https:\/\/arlettipartners.com\/fr\/services\/politique-interne-de-teletravail\/#primaryimage"},"thumbnailUrl":"https:\/\/arlettipartners.com\/wp-content\/uploads\/2026\/04\/andibreit-contract-1464917-scaled.jpg","datePublished":"2026-04-27T14:10:48+00:00","dateModified":"2026-04-27T14:12:31+00:00","breadcrumb":{"@id":"https:\/\/arlettipartners.com\/fr\/services\/politique-interne-de-teletravail\/#breadcrumb"},"inLanguage":"fr-FR","potentialAction":[{"@type":"ReadAction","target":["https:\/\/arlettipartners.com\/fr\/services\/politique-interne-de-teletravail\/"]}]},{"@type":"ImageObject","inLanguage":"fr-FR","@id":"https:\/\/arlettipartners.com\/fr\/services\/politique-interne-de-teletravail\/#primaryimage","url":"https:\/\/arlettipartners.com\/wp-content\/uploads\/2026\/04\/andibreit-contract-1464917-scaled.jpg","contentUrl":"https:\/\/arlettipartners.com\/wp-content\/uploads\/2026\/04\/andibreit-contract-1464917-scaled.jpg","width":2560,"height":1707},{"@type":"BreadcrumbList","@id":"https:\/\/arlettipartners.com\/fr\/services\/politique-interne-de-teletravail\/#breadcrumb","itemListElement":[{"@type":"ListItem","position":1,"name":"Home","item":"https:\/\/arlettipartners.com\/fr\/"},{"@type":"ListItem","position":2,"name":"Services","item":"https:\/\/arlettipartners.com\/fr\/services\/"},{"@type":"ListItem","position":3,"name":"Politique Interne de t\u00e9l\u00e9travail"}]},{"@type":"WebSite","@id":"https:\/\/arlettipartners.com\/fr\/#website","url":"https:\/\/arlettipartners.com\/fr\/","name":"Arletti Partners","description":"Tax Advisors and Global Mobility Specialists","publisher":{"@id":"https:\/\/arlettipartners.com\/fr\/#organization"},"potentialAction":[{"@type":"SearchAction","target":{"@type":"EntryPoint","urlTemplate":"https:\/\/arlettipartners.com\/fr\/?s={search_term_string}"},"query-input":{"@type":"PropertyValueSpecification","valueRequired":true,"valueName":"search_term_string"}}],"inLanguage":"fr-FR"},{"@type":"Organization","@id":"https:\/\/arlettipartners.com\/fr\/#organization","name":"Arletti & Partners","url":"https:\/\/arlettipartners.com\/fr\/","logo":{"@type":"ImageObject","inLanguage":"fr-FR","@id":"https:\/\/arlettipartners.com\/fr\/#\/schema\/logo\/image\/","url":"https:\/\/arlettipartners.com\/wp-content\/uploads\/2022\/03\/logo.png.nuovo_.nero_.png","contentUrl":"https:\/\/arlettipartners.com\/wp-content\/uploads\/2022\/03\/logo.png.nuovo_.nero_.png","width":150,"height":32,"caption":"Arletti & Partners"},"image":{"@id":"https:\/\/arlettipartners.com\/fr\/#\/schema\/logo\/image\/"},"sameAs":["https:\/\/www.facebook.com\/ArlettiPartners","https:\/\/www.linkedin.com\/company\/aampp---arletti-amp-partners\/"]}]}},"_links":{"self":[{"href":"https:\/\/arlettipartners.com\/fr\/wp-json\/wp\/v2\/services\/234376","targetHints":{"allow":["GET"]}}],"collection":[{"href":"https:\/\/arlettipartners.com\/fr\/wp-json\/wp\/v2\/services"}],"about":[{"href":"https:\/\/arlettipartners.com\/fr\/wp-json\/wp\/v2\/types\/services"}],"author":[{"embeddable":true,"href":"https:\/\/arlettipartners.com\/fr\/wp-json\/wp\/v2\/users\/110"}],"version-history":[{"count":1,"href":"https:\/\/arlettipartners.com\/fr\/wp-json\/wp\/v2\/services\/234376\/revisions"}],"predecessor-version":[{"id":234378,"href":"https:\/\/arlettipartners.com\/fr\/wp-json\/wp\/v2\/services\/234376\/revisions\/234378"}],"wp:featuredmedia":[{"embeddable":true,"href":"https:\/\/arlettipartners.com\/fr\/wp-json\/wp\/v2\/media\/234344"}],"wp:attachment":[{"href":"https:\/\/arlettipartners.com\/fr\/wp-json\/wp\/v2\/media?parent=234376"}],"wp:term":[{"taxonomy":"category","embeddable":true,"href":"https:\/\/arlettipartners.com\/fr\/wp-json\/wp\/v2\/categories?post=234376"},{"taxonomy":"post_tag","embeddable":true,"href":"https:\/\/arlettipartners.com\/fr\/wp-json\/wp\/v2\/tags?post=234376"},{"taxonomy":"country","embeddable":true,"href":"https:\/\/arlettipartners.com\/fr\/wp-json\/wp\/v2\/country?post=234376"},{"taxonomy":"container","embeddable":true,"href":"https:\/\/arlettipartners.com\/fr\/wp-json\/wp\/v2\/container?post=234376"},{"taxonomy":"individualscorporates","embeddable":true,"href":"https:\/\/arlettipartners.com\/fr\/wp-json\/wp\/v2\/individualscorporates?post=234376"},{"taxonomy":"raggruppamento","embeddable":true,"href":"https:\/\/arlettipartners.com\/fr\/wp-json\/wp\/v2\/raggruppamento?post=234376"},{"taxonomy":"service","embeddable":true,"href":"https:\/\/arlettipartners.com\/fr\/wp-json\/wp\/v2\/service?post=234376"},{"taxonomy":"tag-di-competenza","embeddable":true,"href":"https:\/\/arlettipartners.com\/fr\/wp-json\/wp\/v2\/tag-di-competenza?post=234376"}],"curies":[{"name":"wp","href":"https:\/\/api.w.org\/{rel}","templated":true}]}}