{"id":222166,"date":"2023-03-09T16:30:13","date_gmt":"2023-03-09T15:30:13","guid":{"rendered":"https:\/\/arlettipartners.com\/announcements-awwa\/09-03-2023-plus-de-140-entreprises-ont-participe-au-webinaire-organise-en-collaboration-avec-federmacchine-sur-le-theme-de-l-evaluation-des-risques\/"},"modified":"2023-03-09T16:30:13","modified_gmt":"2023-03-09T15:30:13","slug":"09-03-2023-plus-de-140-entreprises-ont-participe-au-webinaire-organise-en-collaboration-avec-federmacchine-sur-le-theme-de-l-evaluation-des-risques","status":"publish","type":"announcements-awwa","link":"https:\/\/arlettipartners.com\/fr\/announcements-awwa\/09-03-2023-plus-de-140-entreprises-ont-participe-au-webinaire-organise-en-collaboration-avec-federmacchine-sur-le-theme-de-l-evaluation-des-risques\/","title":{"rendered":"09\/03\/2023 \u2013 Plus de 140 entreprises ont particip\u00e9 au webinaire organis\u00e9 en collaboration avec Federmacchine sur le th\u00e8me de l\u2019\u00e9valuation des risques."},"content":{"rendered":"<h2>Missions du personnel \u00e0 l\u2019\u00e9tranger dans des pays \u00e0 risque : les responsabilit\u00e9s civiles, p\u00e9nales et administratives des entreprises.<\/h2>\n<p style=\"text-align: left;\"><!--StartFragment --><\/p>\n<p>145 entreprises ont particip\u00e9 au webinaire <em>\u00ab Missions du personnel \u00e0 l\u2019\u00e9tranger dans des pays \u00e0 risque \u00bb<\/em> organis\u00e9 par Federmacchine, auquel Studio Arletti &amp; Partners est intervenu en qualit\u00e9 d\u2019orateur. La conf\u00e9rence s\u2019est tenue en ligne le jeudi 9 mars et a approfondi le th\u00e8me de la s\u00e9curit\u00e9 des travailleurs en mission.<!--EndFragment --><\/p>\n<h2 style=\"text-align: left;\">1. L\u2019importance du Risk Assessment pour la protection de l\u2019entreprise et des salari\u00e9s<\/h2>\n<p style=\"text-align: left;\"><!--StartFragment --><\/p>\n<p>Face \u00e0 une situation g\u00e9opolitique de plus en plus changeante, il est d\u2019autant plus essentiel de planifier avec la plus grande prudence et pr\u00e9vention l\u2019organisation des activit\u00e9s professionnelles de ses employ\u00e9s et collaborateurs \u00e0 l\u2019\u00e9tranger.<!--EndFragment --><\/p>\n<p style=\"text-align: left;\">L\u2019augmentation des risques constitue une menace accrue pour la s\u00e9curit\u00e9 des travailleurs, avec des r\u00e9percussions probables en termes de responsabilit\u00e9s p\u00e9nales et patrimoniales pour les entreprises, conform\u00e9ment \u00e0 la r\u00e9glementation et \u00e0 la jurisprudence italiennes.<\/p>\n<p>Le webinaire a donc analys\u00e9 ces aspects de responsabilit\u00e9, en mettant \u00e9galement en \u00e9vidence les proc\u00e9dures et les outils possibles \u00e0 adopter pour prot\u00e9ger l\u2019entreprise et ses dirigeants.<\/p>\n<h3 style=\"text-align: left;\">1.1. Th\u00e8mes abord\u00e9s lors du webinaire<\/h3>\n<p style=\"text-align: left;\">En partenariat avec des sp\u00e9cialistes du droit, le webinaire a examin\u00e9 en d\u00e9tail:<\/p>\n<ul style=\"text-align: left;\">\n<li>S\u00e9curit\u00e9 au travail \u00e0 l\u2019\u00e9tranger;<\/li>\n<li>Responsabilit\u00e9s de l\u2019entreprise li\u00e9es aux risques d\u00e9coulant de l\u2019exercice d\u2019activit\u00e9s professionnelles \u00e0 l\u2019\u00e9tranger;<\/li>\n<li style=\"text-align: left;\">Adoption d\u2019un document d\u2019entreprise sur les risques li\u00e9s aux missions internationales : Section Sp\u00e9ciale 231 \u2013 missions \u00e0 l\u2019\u00e9tranger \/ Section ISO 45001;<\/li>\n<li style=\"text-align: left;\">Les avantages d\u2019adopter une Section Sp\u00e9ciale 231 d\u00e9di\u00e9e aux missions \u00e0 l\u2019\u00e9tranger.<\/li>\n<\/ul>\n<p>\u00c0 l\u2019issue du webinaire, un espace a \u00e9galement \u00e9t\u00e9 consacr\u00e9 aux participants pour poser leurs questions et obtenir des r\u00e9ponses de la part des intervenants.<\/p>\n<h2 style=\"text-align: left;\">2. Cartographie des risques et gestion des missions avec le logiciel A&amp;P<\/h2>\n<p style=\"text-align: left;\">\u00c0 l\u2019occasion du colloque, Studio A&amp;P est \u00e9galement intervenu pour pr\u00e9senter son nouveau <a href=\"https:\/\/arlettipartners.com\/software-risk-assessment\/?lang=it\">logiciel propri\u00e9taire, exclusivement d\u00e9di\u00e9 au Risk Assessment<\/a>. Ce logiciel a \u00e9t\u00e9 con\u00e7u pour g\u00e9rer une cartographie des risques \u00e0 l\u2019\u00e9chelle mondiale, soutenue par des outils d\u2019information garantissant des mises \u00e0 jour en temps r\u00e9el sur les conditions des pays \u00e9trangers.<\/p>\n<p><em>Pour toute information compl\u00e9mentaire, Studio A&amp;P reste \u00e0 votre disposition.<\/em><\/p>\n","protected":false},"excerpt":{"rendered":"<p>Colloque en collaboration avec Federmacchine sur la gestion des risques li\u00e9s aux missions des travailleurs \u00e0 l\u2019\u00e9tranger.<\/p>\n","protected":false},"featured_media":216432,"template":"","meta":{"_acf_changed":false,"footnotes":""},"categories":[78],"tags":[6370],"country":[1505],"service":[6263],"class_list":["post-222166","announcements-awwa","type-announcements-awwa","status-publish","has-post-thumbnail","hentry","category-uncategorized","tag-aaa-achievements-awards-announcemnts","country-italie","service-webinar-for-industrial-associations-about-gm"],"acf":[],"yoast_head":"<!-- This site is optimized with the Yoast SEO Premium plugin v27.4 (Yoast SEO v27.4) - https:\/\/yoast.com\/product\/yoast-seo-premium-wordpress\/ -->\n<title>09\/03\/2023 \u2013 Plus de 140 entreprises ont particip\u00e9 au webinaire organis\u00e9 en collaboration avec Federmacchine sur le th\u00e8me de l\u2019\u00e9valuation des risques.<\/title>\n<meta name=\"description\" content=\"Colloque en collaboration avec Federmacchine sur la gestion des risques li\u00e9s aux missions des travailleurs \u00e0 l\u2019\u00e9tranger.\" \/>\n<meta name=\"robots\" content=\"index, follow, max-snippet:-1, max-image-preview:large, max-video-preview:-1\" \/>\n<link rel=\"canonical\" href=\"https:\/\/arlettipartners.com\/fr\/announcements-awwa\/09-03-2023-plus-de-140-entreprises-ont-participe-au-webinaire-organise-en-collaboration-avec-federmacchine-sur-le-theme-de-l-evaluation-des-risques\/\" \/>\n<meta property=\"og:locale\" content=\"fr_FR\" \/>\n<meta property=\"og:type\" content=\"article\" \/>\n<meta property=\"og:title\" content=\"09\/03\/2023 \u2013 Plus de 140 entreprises ont particip\u00e9 au webinaire organis\u00e9 en collaboration avec Federmacchine sur le th\u00e8me de l\u2019\u00e9valuation des risques.\" \/>\n<meta property=\"og:description\" content=\"Colloque en collaboration avec Federmacchine sur la gestion des risques li\u00e9s aux missions des travailleurs \u00e0 l\u2019\u00e9tranger.\" \/>\n<meta property=\"og:url\" content=\"https:\/\/arlettipartners.com\/fr\/announcements-awwa\/09-03-2023-plus-de-140-entreprises-ont-participe-au-webinaire-organise-en-collaboration-avec-federmacchine-sur-le-theme-de-l-evaluation-des-risques\/\" \/>\n<meta property=\"og:site_name\" content=\"Arletti Partners\" \/>\n<meta property=\"article:publisher\" content=\"https:\/\/www.facebook.com\/ArlettiPartners\" \/>\n<meta property=\"og:image\" content=\"https:\/\/arlettipartners.com\/wp-content\/uploads\/2023\/11\/AP-e-Federmacchine-2023.png\" \/>\n\t<meta property=\"og:image:width\" content=\"1400\" \/>\n\t<meta property=\"og:image:height\" content=\"750\" \/>\n\t<meta property=\"og:image:type\" content=\"image\/png\" \/>\n<meta name=\"twitter:card\" content=\"summary_large_image\" \/>\n<meta name=\"twitter:label1\" content=\"Dur\u00e9e de lecture estim\u00e9e\" \/>\n\t<meta name=\"twitter:data1\" content=\"2 minutes\" \/>\n<script type=\"application\/ld+json\" class=\"yoast-schema-graph\">{\"@context\":\"https:\\\/\\\/schema.org\",\"@graph\":[{\"@type\":\"WebPage\",\"@id\":\"https:\\\/\\\/arlettipartners.com\\\/fr\\\/announcements-awwa\\\/09-03-2023-plus-de-140-entreprises-ont-participe-au-webinaire-organise-en-collaboration-avec-federmacchine-sur-le-theme-de-l-evaluation-des-risques\\\/\",\"url\":\"https:\\\/\\\/arlettipartners.com\\\/fr\\\/announcements-awwa\\\/09-03-2023-plus-de-140-entreprises-ont-participe-au-webinaire-organise-en-collaboration-avec-federmacchine-sur-le-theme-de-l-evaluation-des-risques\\\/\",\"name\":\"09\\\/03\\\/2023 \u2013 Plus de 140 entreprises ont particip\u00e9 au webinaire organis\u00e9 en collaboration avec Federmacchine sur le th\u00e8me de l\u2019\u00e9valuation des risques.\",\"isPartOf\":{\"@id\":\"https:\\\/\\\/arlettipartners.com\\\/fr\\\/#website\"},\"primaryImageOfPage\":{\"@id\":\"https:\\\/\\\/arlettipartners.com\\\/fr\\\/announcements-awwa\\\/09-03-2023-plus-de-140-entreprises-ont-participe-au-webinaire-organise-en-collaboration-avec-federmacchine-sur-le-theme-de-l-evaluation-des-risques\\\/#primaryimage\"},\"image\":{\"@id\":\"https:\\\/\\\/arlettipartners.com\\\/fr\\\/announcements-awwa\\\/09-03-2023-plus-de-140-entreprises-ont-participe-au-webinaire-organise-en-collaboration-avec-federmacchine-sur-le-theme-de-l-evaluation-des-risques\\\/#primaryimage\"},\"thumbnailUrl\":\"https:\\\/\\\/arlettipartners.com\\\/wp-content\\\/uploads\\\/2023\\\/11\\\/AP-e-Federmacchine-2023.png\",\"datePublished\":\"2023-03-09T15:30:13+00:00\",\"description\":\"Colloque en collaboration avec Federmacchine sur la gestion des risques li\u00e9s aux missions des travailleurs \u00e0 l\u2019\u00e9tranger.\",\"breadcrumb\":{\"@id\":\"https:\\\/\\\/arlettipartners.com\\\/fr\\\/announcements-awwa\\\/09-03-2023-plus-de-140-entreprises-ont-participe-au-webinaire-organise-en-collaboration-avec-federmacchine-sur-le-theme-de-l-evaluation-des-risques\\\/#breadcrumb\"},\"inLanguage\":\"fr-FR\",\"potentialAction\":[{\"@type\":\"ReadAction\",\"target\":[\"https:\\\/\\\/arlettipartners.com\\\/fr\\\/announcements-awwa\\\/09-03-2023-plus-de-140-entreprises-ont-participe-au-webinaire-organise-en-collaboration-avec-federmacchine-sur-le-theme-de-l-evaluation-des-risques\\\/\"]}]},{\"@type\":\"ImageObject\",\"inLanguage\":\"fr-FR\",\"@id\":\"https:\\\/\\\/arlettipartners.com\\\/fr\\\/announcements-awwa\\\/09-03-2023-plus-de-140-entreprises-ont-participe-au-webinaire-organise-en-collaboration-avec-federmacchine-sur-le-theme-de-l-evaluation-des-risques\\\/#primaryimage\",\"url\":\"https:\\\/\\\/arlettipartners.com\\\/wp-content\\\/uploads\\\/2023\\\/11\\\/AP-e-Federmacchine-2023.png\",\"contentUrl\":\"https:\\\/\\\/arlettipartners.com\\\/wp-content\\\/uploads\\\/2023\\\/11\\\/AP-e-Federmacchine-2023.png\",\"width\":1400,\"height\":750},{\"@type\":\"BreadcrumbList\",\"@id\":\"https:\\\/\\\/arlettipartners.com\\\/fr\\\/announcements-awwa\\\/09-03-2023-plus-de-140-entreprises-ont-participe-au-webinaire-organise-en-collaboration-avec-federmacchine-sur-le-theme-de-l-evaluation-des-risques\\\/#breadcrumb\",\"itemListElement\":[{\"@type\":\"ListItem\",\"position\":1,\"name\":\"Home\",\"item\":\"https:\\\/\\\/arlettipartners.com\\\/fr\\\/\"},{\"@type\":\"ListItem\",\"position\":2,\"name\":\"09\\\/03\\\/2023 \u2013 Plus de 140 entreprises ont particip\u00e9 au webinaire organis\u00e9 en collaboration avec Federmacchine sur le th\u00e8me de l\u2019\u00e9valuation des risques.\"}]},{\"@type\":\"WebSite\",\"@id\":\"https:\\\/\\\/arlettipartners.com\\\/fr\\\/#website\",\"url\":\"https:\\\/\\\/arlettipartners.com\\\/fr\\\/\",\"name\":\"Arletti Partners\",\"description\":\"Tax Advisors and Global Mobility Specialists\",\"publisher\":{\"@id\":\"https:\\\/\\\/arlettipartners.com\\\/fr\\\/#organization\"},\"potentialAction\":[{\"@type\":\"SearchAction\",\"target\":{\"@type\":\"EntryPoint\",\"urlTemplate\":\"https:\\\/\\\/arlettipartners.com\\\/fr\\\/?s={search_term_string}\"},\"query-input\":{\"@type\":\"PropertyValueSpecification\",\"valueRequired\":true,\"valueName\":\"search_term_string\"}}],\"inLanguage\":\"fr-FR\"},{\"@type\":\"Organization\",\"@id\":\"https:\\\/\\\/arlettipartners.com\\\/fr\\\/#organization\",\"name\":\"Arletti & Partners\",\"url\":\"https:\\\/\\\/arlettipartners.com\\\/fr\\\/\",\"logo\":{\"@type\":\"ImageObject\",\"inLanguage\":\"fr-FR\",\"@id\":\"https:\\\/\\\/arlettipartners.com\\\/fr\\\/#\\\/schema\\\/logo\\\/image\\\/\",\"url\":\"https:\\\/\\\/arlettipartners.com\\\/wp-content\\\/uploads\\\/2022\\\/03\\\/logo.png.nuovo_.nero_.png\",\"contentUrl\":\"https:\\\/\\\/arlettipartners.com\\\/wp-content\\\/uploads\\\/2022\\\/03\\\/logo.png.nuovo_.nero_.png\",\"width\":150,\"height\":32,\"caption\":\"Arletti & Partners\"},\"image\":{\"@id\":\"https:\\\/\\\/arlettipartners.com\\\/fr\\\/#\\\/schema\\\/logo\\\/image\\\/\"},\"sameAs\":[\"https:\\\/\\\/www.facebook.com\\\/ArlettiPartners\",\"https:\\\/\\\/www.linkedin.com\\\/company\\\/aampp---arletti-amp-partners\\\/\"]}]}<\/script>\n<!-- \/ Yoast SEO Premium plugin. -->","yoast_head_json":{"title":"09\/03\/2023 \u2013 Plus de 140 entreprises ont particip\u00e9 au webinaire organis\u00e9 en collaboration avec Federmacchine sur le th\u00e8me de l\u2019\u00e9valuation des risques.","description":"Colloque en collaboration avec Federmacchine sur la gestion des risques li\u00e9s aux missions des travailleurs \u00e0 l\u2019\u00e9tranger.","robots":{"index":"index","follow":"follow","max-snippet":"max-snippet:-1","max-image-preview":"max-image-preview:large","max-video-preview":"max-video-preview:-1"},"canonical":"https:\/\/arlettipartners.com\/fr\/announcements-awwa\/09-03-2023-plus-de-140-entreprises-ont-participe-au-webinaire-organise-en-collaboration-avec-federmacchine-sur-le-theme-de-l-evaluation-des-risques\/","og_locale":"fr_FR","og_type":"article","og_title":"09\/03\/2023 \u2013 Plus de 140 entreprises ont particip\u00e9 au webinaire organis\u00e9 en collaboration avec Federmacchine sur le th\u00e8me de l\u2019\u00e9valuation des risques.","og_description":"Colloque en collaboration avec Federmacchine sur la gestion des risques li\u00e9s aux missions des travailleurs \u00e0 l\u2019\u00e9tranger.","og_url":"https:\/\/arlettipartners.com\/fr\/announcements-awwa\/09-03-2023-plus-de-140-entreprises-ont-participe-au-webinaire-organise-en-collaboration-avec-federmacchine-sur-le-theme-de-l-evaluation-des-risques\/","og_site_name":"Arletti Partners","article_publisher":"https:\/\/www.facebook.com\/ArlettiPartners","og_image":[{"width":1400,"height":750,"url":"https:\/\/arlettipartners.com\/wp-content\/uploads\/2023\/11\/AP-e-Federmacchine-2023.png","type":"image\/png"}],"twitter_card":"summary_large_image","twitter_misc":{"Dur\u00e9e de lecture estim\u00e9e":"2 minutes"},"schema":{"@context":"https:\/\/schema.org","@graph":[{"@type":"WebPage","@id":"https:\/\/arlettipartners.com\/fr\/announcements-awwa\/09-03-2023-plus-de-140-entreprises-ont-participe-au-webinaire-organise-en-collaboration-avec-federmacchine-sur-le-theme-de-l-evaluation-des-risques\/","url":"https:\/\/arlettipartners.com\/fr\/announcements-awwa\/09-03-2023-plus-de-140-entreprises-ont-participe-au-webinaire-organise-en-collaboration-avec-federmacchine-sur-le-theme-de-l-evaluation-des-risques\/","name":"09\/03\/2023 \u2013 Plus de 140 entreprises ont particip\u00e9 au webinaire organis\u00e9 en collaboration avec Federmacchine sur le th\u00e8me de l\u2019\u00e9valuation des risques.","isPartOf":{"@id":"https:\/\/arlettipartners.com\/fr\/#website"},"primaryImageOfPage":{"@id":"https:\/\/arlettipartners.com\/fr\/announcements-awwa\/09-03-2023-plus-de-140-entreprises-ont-participe-au-webinaire-organise-en-collaboration-avec-federmacchine-sur-le-theme-de-l-evaluation-des-risques\/#primaryimage"},"image":{"@id":"https:\/\/arlettipartners.com\/fr\/announcements-awwa\/09-03-2023-plus-de-140-entreprises-ont-participe-au-webinaire-organise-en-collaboration-avec-federmacchine-sur-le-theme-de-l-evaluation-des-risques\/#primaryimage"},"thumbnailUrl":"https:\/\/arlettipartners.com\/wp-content\/uploads\/2023\/11\/AP-e-Federmacchine-2023.png","datePublished":"2023-03-09T15:30:13+00:00","description":"Colloque en collaboration avec Federmacchine sur la gestion des risques li\u00e9s aux missions des travailleurs \u00e0 l\u2019\u00e9tranger.","breadcrumb":{"@id":"https:\/\/arlettipartners.com\/fr\/announcements-awwa\/09-03-2023-plus-de-140-entreprises-ont-participe-au-webinaire-organise-en-collaboration-avec-federmacchine-sur-le-theme-de-l-evaluation-des-risques\/#breadcrumb"},"inLanguage":"fr-FR","potentialAction":[{"@type":"ReadAction","target":["https:\/\/arlettipartners.com\/fr\/announcements-awwa\/09-03-2023-plus-de-140-entreprises-ont-participe-au-webinaire-organise-en-collaboration-avec-federmacchine-sur-le-theme-de-l-evaluation-des-risques\/"]}]},{"@type":"ImageObject","inLanguage":"fr-FR","@id":"https:\/\/arlettipartners.com\/fr\/announcements-awwa\/09-03-2023-plus-de-140-entreprises-ont-participe-au-webinaire-organise-en-collaboration-avec-federmacchine-sur-le-theme-de-l-evaluation-des-risques\/#primaryimage","url":"https:\/\/arlettipartners.com\/wp-content\/uploads\/2023\/11\/AP-e-Federmacchine-2023.png","contentUrl":"https:\/\/arlettipartners.com\/wp-content\/uploads\/2023\/11\/AP-e-Federmacchine-2023.png","width":1400,"height":750},{"@type":"BreadcrumbList","@id":"https:\/\/arlettipartners.com\/fr\/announcements-awwa\/09-03-2023-plus-de-140-entreprises-ont-participe-au-webinaire-organise-en-collaboration-avec-federmacchine-sur-le-theme-de-l-evaluation-des-risques\/#breadcrumb","itemListElement":[{"@type":"ListItem","position":1,"name":"Home","item":"https:\/\/arlettipartners.com\/fr\/"},{"@type":"ListItem","position":2,"name":"09\/03\/2023 \u2013 Plus de 140 entreprises ont particip\u00e9 au webinaire organis\u00e9 en collaboration avec Federmacchine sur le th\u00e8me de l\u2019\u00e9valuation des risques."}]},{"@type":"WebSite","@id":"https:\/\/arlettipartners.com\/fr\/#website","url":"https:\/\/arlettipartners.com\/fr\/","name":"Arletti Partners","description":"Tax Advisors and Global Mobility Specialists","publisher":{"@id":"https:\/\/arlettipartners.com\/fr\/#organization"},"potentialAction":[{"@type":"SearchAction","target":{"@type":"EntryPoint","urlTemplate":"https:\/\/arlettipartners.com\/fr\/?s={search_term_string}"},"query-input":{"@type":"PropertyValueSpecification","valueRequired":true,"valueName":"search_term_string"}}],"inLanguage":"fr-FR"},{"@type":"Organization","@id":"https:\/\/arlettipartners.com\/fr\/#organization","name":"Arletti & Partners","url":"https:\/\/arlettipartners.com\/fr\/","logo":{"@type":"ImageObject","inLanguage":"fr-FR","@id":"https:\/\/arlettipartners.com\/fr\/#\/schema\/logo\/image\/","url":"https:\/\/arlettipartners.com\/wp-content\/uploads\/2022\/03\/logo.png.nuovo_.nero_.png","contentUrl":"https:\/\/arlettipartners.com\/wp-content\/uploads\/2022\/03\/logo.png.nuovo_.nero_.png","width":150,"height":32,"caption":"Arletti & Partners"},"image":{"@id":"https:\/\/arlettipartners.com\/fr\/#\/schema\/logo\/image\/"},"sameAs":["https:\/\/www.facebook.com\/ArlettiPartners","https:\/\/www.linkedin.com\/company\/aampp---arletti-amp-partners\/"]}]}},"_links":{"self":[{"href":"https:\/\/arlettipartners.com\/fr\/wp-json\/wp\/v2\/announcements-awwa\/222166","targetHints":{"allow":["GET"]}}],"collection":[{"href":"https:\/\/arlettipartners.com\/fr\/wp-json\/wp\/v2\/announcements-awwa"}],"about":[{"href":"https:\/\/arlettipartners.com\/fr\/wp-json\/wp\/v2\/types\/announcements-awwa"}],"version-history":[{"count":0,"href":"https:\/\/arlettipartners.com\/fr\/wp-json\/wp\/v2\/announcements-awwa\/222166\/revisions"}],"wp:featuredmedia":[{"embeddable":true,"href":"https:\/\/arlettipartners.com\/fr\/wp-json\/wp\/v2\/media\/216432"}],"wp:attachment":[{"href":"https:\/\/arlettipartners.com\/fr\/wp-json\/wp\/v2\/media?parent=222166"}],"wp:term":[{"taxonomy":"category","embeddable":true,"href":"https:\/\/arlettipartners.com\/fr\/wp-json\/wp\/v2\/categories?post=222166"},{"taxonomy":"post_tag","embeddable":true,"href":"https:\/\/arlettipartners.com\/fr\/wp-json\/wp\/v2\/tags?post=222166"},{"taxonomy":"country","embeddable":true,"href":"https:\/\/arlettipartners.com\/fr\/wp-json\/wp\/v2\/country?post=222166"},{"taxonomy":"service","embeddable":true,"href":"https:\/\/arlettipartners.com\/fr\/wp-json\/wp\/v2\/service?post=222166"}],"curies":[{"name":"wp","href":"https:\/\/api.w.org\/{rel}","templated":true}]}}